{"id":12,"date":"2015-06-03T12:49:51","date_gmt":"2015-06-03T11:49:51","guid":{"rendered":"http:\/\/chemin-fer-baie-saint-brieuc.fr\/wordpress\/?page_id=12"},"modified":"2021-12-14T14:06:06","modified_gmt":"2021-12-14T13:06:06","slug":"materiel-preserve","status":"publish","type":"page","link":"https:\/\/chemin-fer-baie-saint-brieuc.fr\/wordpress\/materiel-preserve\/","title":{"rendered":"Mat\u00e9riel pr\u00e9serv\u00e9"},"content":{"rendered":"\n<p>Voici la liste du mat\u00e9riel pr\u00e9serv\u00e9 par l&rsquo;Association sur son site de Boutdeville \u00e0 Langueux. Une dizaine d&rsquo;autres mat\u00e9riels ont \u00e9t\u00e9 pr\u00e9serv\u00e9s par Monsieur Egli sur le site de la <a href=\"https:\/\/chemin-fer-baie-saint-brieuc.fr\/wordpress\/la-gare-plougonver\/\">gare de Plougonver<\/a> qui est d\u00e9sormais g\u00e9r\u00e9 par l&rsquo;Association.<\/p>\n\n\n<table style=\"width: 100%;\" border=\"1\">\n<colgroup>\n<col width=\"25%\">\n<col width=\"25%\">\n<col width=\"25%\">\n<col width=\"25%\"><\/colgroup>\n<tbody>\n<tr>\n<td>\n<p align=\"center\"><strong><em>Type<\/em><\/strong><\/p>\n<\/td>\n<td>\n<p align=\"center\"><strong><em>R\u00e9seau d&rsquo;origine<\/em><\/strong><\/p>\n<\/td>\n<td>\n<p align=\"center\"><strong><em>Remarques<\/em><\/strong><\/p>\n<\/td>\n<td>\n<p align=\"center\"><strong><em>\u00c9tat actuel<\/em><\/strong><\/p>\n<\/td>\n<\/tr>\n<tr>\n<td colspan=\"4\" bgcolor=\"#BBBBBB\"><strong><em><span style=\"color: #993300;\"><span style=\"font-size: 125%;\">Mat\u00e9riel moteur<\/span><\/span><\/em><\/strong><\/td>\n<\/tr>\n<tr>\n<td><strong> <a href=\"http:\/\/chemin-fer-baie-saint-brieuc.fr\/wordpress\/autorail-de-dion-bouton-oc1\/\">Autorail De Dion OC1 (n\u00b016)<\/a><\/strong><\/td>\n<td>C.d.N. puis R\u00e9seau Breton et Corse puis CFTA Gray<\/td>\n<td>Livr\u00e9 en 1938 sous le num\u00e9ro constructeur 153<\/td>\n<td>Re\u00e7u le 02\/10\/1991<br>En attente de restauration<br><strong>Monument Historique<\/strong><\/td>\n<\/tr>\n<tr>\n<td><strong> <a href=\"http:\/\/chemin-fer-baie-saint-brieuc.fr\/wordpress\/draisine-billard\/\">Draisine Billard<\/a><\/strong><\/td>\n<td>R\u00e9seau Breton<\/td>\n<td>Mise \u00e0 l&rsquo;\u00e9cartement m\u00e9trique par l&rsquo;association<\/td>\n<td>Achat en mai 1993<br><strong>En service (depuis 1994)<\/strong><\/td>\n<\/tr>\n<tr>\n<td><strong> <a href=\"http:\/\/chemin-fer-baie-saint-brieuc.fr\/wordpress\/locotracteur-brimont-latil\/\">Locotracteur Brimont Latil<\/a><\/strong><\/td>\n<td>Entreprise Dynal<br>(Loud\u00e9ac &#8211; 22)<\/td>\n<td>Re\u00e7u \u00e0 l&rsquo;\u00e9tat d&rsquo;\u00e9pave<br>Mis \u00e0 l&rsquo;\u00e9cartement m\u00e9trique par l&rsquo;association<\/td>\n<td>Re\u00e7u en mai 1996<br><strong>En service (depuis 1997)<\/strong><\/td>\n<\/tr>\n<tr>\n<td><strong><a href=\"http:\/\/chemin-fer-baie-saint-brieuc.fr\/wordpress\/26\/\">Locotracteur LKM V10C<\/a><\/strong><\/td>\n<td>Industrie allemande<\/td>\n<td>&nbsp;<\/td>\n<td>Re\u00e7u le 05\/12\/2003<br><strong>En service<\/strong><\/td>\n<\/tr>\n<tr>\n<td><strong> <a href=\"http:\/\/chemin-fer-baie-saint-brieuc.fr\/wordpress\/autorail-de-dion-bouton-oc2\/\">Autorail De Dion OC2 (n\u00b0X202)<\/a><\/strong><\/td>\n<td>\n<p style=\"margin: 0px;\">R\u00e9seau Breton puis Blanc Argent<\/p>\n<\/td>\n<td>Livr\u00e9 en 1946 sous le n\u00b0190<\/td>\n<td>Re\u00e7u le 18\/06\/1991<br>En attente de restauration<\/td>\n<\/tr>\n<tr>\n<td><strong> <a href=\"http:\/\/chemin-fer-baie-saint-brieuc.fr\/wordpress\/draisine-renault-3m720\/\">Draisine Renault n\u00b03M720<\/a><\/strong><\/td>\n<td>Etat<\/td>\n<td>Livr\u00e9e en 1930<br>Surnomm\u00e9e \u00ab\u00a0Agla\u00e9\u00a0\u00bb<\/td>\n<td>R\u00e9cup\u00e9r\u00e9e le 30\/04\/2009<br><strong>En service (depuis 2009)<\/strong><\/td>\n<\/tr>\n<tr>\n<td><strong> <a href=\"http:\/\/chemin-fer-baie-saint-brieuc.fr\/wordpress\/draisines-renault-3m027-et-3m036\/\">Draisine Renault n\u00b03M027<\/a><\/strong><\/td>\n<td>Train Touristique Etretat Vall\u00e9e de Caux<\/td>\n<td>\u00c9cartement normal<\/td>\n<td>R\u00e9cup\u00e9r\u00e9e le 30\/04\/2009<br>En attente de restauration<\/td>\n<\/tr>\n<tr>\n<td><strong> <a href=\"http:\/\/chemin-fer-baie-saint-brieuc.fr\/wordpress\/draisines-renault-3m027-et-3m036\/\">Draisine Renault n\u00b03M036<\/a><\/strong><\/td>\n<td>Papeterie GCP Industries (Puy-de-D\u00f4me)<\/td>\n<td>Don de la papeterie<br>\u00c9cartement normal<br>n\u00b03M036 de 1931<\/td>\n<td>R\u00e9cup\u00e9r\u00e9e le 16\/10\/2002<br>En attente de restauration<\/td>\n<\/tr>\n<tr>\n<td><strong> <a href=\"http:\/\/chemin-fer-baie-saint-brieuc.fr\/wordpress\/locomotive-030t-koppel\/\">Locomotive vapeur 030T Orenstein &amp; Koppel<\/a><\/strong><\/td>\n<td>Compagnie Royale des Asturies<br>(Espagne)<\/td>\n<td>&nbsp;<\/td>\n<td>Achat le 3\/03\/2001<br>En attente de restauration<\/td>\n<\/tr>\n<tr>\n<td>Locomotive vapeur 020T Corpet-Louvet<\/td>\n<td>Frot<\/td>\n<td>&nbsp;<\/td>\n<td>Pr\u00eat de la FACS<br>En attente de restauration<\/td>\n<\/tr>\n<tr>\n<td><strong> <a href=\"http:\/\/chemin-fer-baie-saint-brieuc.fr\/wordpress\/locotracteur-petercem\/\">Locotracteur Petercem<\/a><\/strong><\/td>\n<td>Papeteries de France<br>(Lancey &#8211; 38)<\/td>\n<td>R\u00e9cup\u00e9r\u00e9 par un particulier<br>Don de l&rsquo;AMTUIR<br>\u00c9lectrique (fonctionne soit par accus soit par perche)<\/td>\n<td>Re\u00e7u en juillet 1989<br>En attente de restauration<\/td>\n<\/tr>\n<tr>\n<td>Draisine CFTA<\/td>\n<td>Pontrieux &#8211; 22<\/td>\n<td>C\u00e9d\u00e9 par la CFTA<\/td>\n<td>Re\u00e7ue en mai 2013<br>Sert de pi\u00e8ces pour les restaurations<\/td>\n<\/tr>\n<tr>\n<td colspan=\"4\" bgcolor=\"#BBBBBB\"><strong><em><span style=\"color: #993300;\"><span style=\"font-size: 125%;\">Voitures et Fourgons<\/span><\/span><\/em><\/strong><\/td>\n<\/tr>\n<tr>\n<td><strong><a href=\"http:\/\/chemin-fer-baie-saint-brieuc.fr\/wordpress\/baladeuse-projet-jeune-2004\/\">Baladeuse<\/a><\/strong><\/td>\n<td>Couvert Blanc-Argent<\/td>\n<td>Achet\u00e9 en 1989<br>Transform\u00e9 en baladeuse \u00e0 l&rsquo;occasion du <strong><a href=\"index.php?view=article&amp;id=31\">Projet Jeunes<\/a><\/strong><\/td>\n<td><strong>Restaur\u00e9 depuis 2005<\/strong><\/td>\n<\/tr>\n<tr>\n<td><strong><a href=\"http:\/\/chemin-fer-baie-saint-brieuc.fr\/wordpress\/voiture-la-roche-derrien\/\">Caisse de voiture<\/a><\/strong><\/td>\n<td>C.d.N.<\/td>\n<td>R\u00e9cup\u00e9r\u00e9e \u00e0 La Roche-Derrien<\/td>\n<td>R\u00e9cup\u00e9r\u00e9e le 2 d\u00e9cembre 2011<br>En attente de restauration<br><strong>Monument Historique<\/strong><\/td>\n<\/tr>\n<tr>\n<td>Caisse de voiture<\/td>\n<td>C.d.N.<\/td>\n<td>R\u00e9cup\u00e9r\u00e9e \u00e0 Lanloup<\/td>\n<td>R\u00e9cup\u00e9r\u00e9e le 9 ao\u00fbt 2013<br>En attente de restauration<\/td>\n<\/tr>\n<tr>\n<td>Caisse de voiture ABD \u00e0 essieux<\/td>\n<td>C.d.N.<\/td>\n<td>Horme et Buire<\/td>\n<td>R\u00e9cup\u00e9r\u00e9e \u00e0 Br\u00e9hec en 2001<br>En attente de restauration<\/td>\n<\/tr>\n<tr>\n<td>Caisse de voiture \u00e0 essieux<\/td>\n<td>C.d.N.<\/td>\n<td>R\u00e9cup\u00e9r\u00e9e \u00e0 Plouha<br>Stock\u00e9e d\u00e9mont\u00e9e<\/td>\n<td>En attente de restauration<\/td>\n<\/tr>\n<tr>\n<td>Caisse de voiture ABD \u00e0 essieux<\/td>\n<td>C.d.N.<\/td>\n<td>Horme et Buire<br>R\u00e9cup\u00e9r\u00e9e \u00e0 Br\u00e9hec le 10 avril 2015<\/td>\n<td>En attente de restauration<\/td>\n<\/tr>\n<tr>\n<td>Caisse de fourgon<\/td>\n<td>C.d.N.<\/td>\n<td>Baume &#8211; Marpent de 1905<br>R\u00e9cup\u00e9r\u00e9 \u00e0 Saint-Agathon<\/td>\n<td>R\u00e9cup\u00e9r\u00e9 en janvier 1999<br>En attente de restauration<\/td>\n<\/tr>\n<tr>\n<td><strong> <a href=\"http:\/\/chemin-fer-baie-saint-brieuc.fr\/wordpress\/voiture-dl41\/\">Voiture DL 41<\/a><\/strong><\/td>\n<td>AOMC (Suisse)<\/td>\n<td>Construit en 1908 par SIG<br>Acquise en f\u00e9vrier 2006<\/td>\n<td>R\u00e9cup\u00e9r\u00e9 en f\u00e9vrier 2006<br>En attente de restauration<\/td>\n<\/tr>\n<tr>\n<td><strong> <a href=\"http:\/\/chemin-fer-baie-saint-brieuc.fr\/wordpress\/voiture-dl43\/\">Voiture DL 43<\/a><\/strong><\/td>\n<td>AOMC (Suisse)<\/td>\n<td>Construit en 1908 par SIG<br>Acquise en f\u00e9vrier 2006<\/td>\n<td>R\u00e9cup\u00e9r\u00e9 en f\u00e9vrier 2006<br>En attente de restauration<\/td>\n<\/tr>\n<tr>\n<td><strong> <a href=\"http:\/\/chemin-fer-baie-saint-brieuc.fr\/wordpress\/voitureb524-525\/\">Voiture B524<\/a><\/strong><\/td>\n<td>AOMC (Suisse)<\/td>\n<td>Construite en 1968<br>Acquise en mai 2013<\/td>\n<td>R\u00e9cup\u00e9r\u00e9 en mai 2013<br>En attente de restauration<\/td>\n<\/tr>\n<tr>\n<td><strong> <a href=\"http:\/\/chemin-fer-baie-saint-brieuc.fr\/wordpress\/voitureb524-525\/\">Voiture B525<\/a><\/strong><\/td>\n<td>AOMC (Suisse)<\/td>\n<td>Construite en 1969<br>Acquise en mai 2013<\/td>\n<td>R\u00e9cup\u00e9r\u00e9 en mai 2013<br>En attente de restauration<\/td>\n<\/tr>\n<tr>\n<td><strong> <a href=\"http:\/\/chemin-fer-baie-saint-brieuc.fr\/wordpress\/voiture-c27\/\">Voiture C 27<\/a><\/strong><\/td>\n<td>Morez &#8211; La Cure<br>puis NStCM<\/td>\n<td>Construit en 1935 par CFCEMCF<br>Acquise en d\u00e9cembre 2007<\/td>\n<td>R\u00e9cup\u00e9r\u00e9 le 27 d\u00e9cembre 2007<br>En attente de restauration<br>Utilis\u00e9 comme wagon magasin<\/td>\n<\/tr>\n<tr>\n<td><strong><a href=\"http:\/\/chemin-fer-baie-saint-brieuc.fr\/wordpress\/voiture-abg-113-puis-x-9056\/\">Voiture ABg 113 puis X 9056<\/a><\/strong><\/td>\n<td>RhB (Suisse)<\/td>\n<td>Construit en 1900 par VSB<br>Acquise en janvier 2008<br>Utilis\u00e9e comme voiture-exposition<\/td>\n<td>R\u00e9cup\u00e9r\u00e9 le 16 janvier 2008<br><b>Pr\u00e9sentation statique<\/b><\/td>\n<\/tr>\n<tr>\n<td>Ch\u00e2ssis voiture B317<\/td>\n<td>Madagascar puis CFBS<\/td>\n<td>Construit par Decauville<\/td>\n<td>R\u00e9cup\u00e9r\u00e9 en novembre 2010<br>En attente de restauration<\/td>\n<\/tr>\n<tr>\n<td>Ch\u00e2ssis voiture B326<\/td>\n<td>Madagascar puis CFBS<\/td>\n<td>Construit par Decauville<\/td>\n<td>R\u00e9cup\u00e9r\u00e9 en novembre 2010<br>En attente de restauration<\/td>\n<\/tr>\n<tr>\n<td colspan=\"4\" bgcolor=\"#BBBBBB\"><strong><em><span style=\"color: #993300;\"><span style=\"font-size: 125%;\">Wagons<\/span><\/span><\/em><\/strong><\/td>\n<\/tr>\n<tr>\n<td><strong><a href=\"http:\/\/chemin-fer-baie-saint-brieuc.fr\/wordpress\/couvert-kf1420\/\">Couvert<\/a><\/strong><\/td>\n<td>R\u00e9seau Breton<\/td>\n<td>N\u00b0 Kf1420<br>Mis \u00e0 la disposition par la ville de Merdrignac<br>Utilis\u00e9 comme wagon atelier<\/td>\n<td>R\u00e9cup\u00e9r\u00e9 en 1997<br><strong>Restaur\u00e9 depuis 2010<\/strong><\/td>\n<\/tr>\n<tr>\n<td><strong> <a href=\"http:\/\/chemin-fer-baie-saint-brieuc.fr\/wordpress\/wagons-plats-a-traverse-mobile\/\">Plat \u00e0 traverse mobile<\/a><\/strong><\/td>\n<td>Voies Ferr\u00e9es du Velay<\/td>\n<td>N\u00b0 Ht 6166<br>Fait partie d&rsquo;un lot de 4 wagons achet\u00e9s en 1996.<\/td>\n<td>R\u00e9cup\u00e9r\u00e9 le 17 avril 1999<br><strong>Restaur\u00e9 depuis 2001<\/strong><br><strong>R\u00e9vis\u00e9 en 2011<\/strong><\/td>\n<\/tr>\n<tr>\n<td><strong> <a href=\"http:\/\/chemin-fer-baie-saint-brieuc.fr\/wordpress\/wagons-plats-a-traverse-mobile\/\">Plat \u00e0 traverse mobile<\/a><\/strong><\/td>\n<td>Voies Ferr\u00e9es du Velay<\/td>\n<td>N\u00b0 Ht 6355<br>Avec syst\u00e8me de freinage<\/td>\n<td>R\u00e9cup\u00e9r\u00e9 le 17 avril 1999<br><strong>Restaur\u00e9 en 2011<\/strong><\/td>\n<\/tr>\n<tr>\n<td><strong> <a href=\"http:\/\/chemin-fer-baie-saint-brieuc.fr\/wordpress\/wagons-plats-a-traverse-mobile\/\">Plat \u00e0 traverse mobile<\/a><\/strong><\/td>\n<td>Voies Ferr\u00e9es du Velay<\/td>\n<td>&nbsp;<\/td>\n<td>R\u00e9cup\u00e9r\u00e9 le 4 novembre 1999<br>En attente de restauration<\/td>\n<\/tr>\n<tr>\n<td><strong> <a href=\"http:\/\/chemin-fer-baie-saint-brieuc.fr\/wordpress\/wagons-plats-a-traverse-mobile\/\">Plat \u00e0 traverse mobile<\/a><\/strong><\/td>\n<td>Voies Ferr\u00e9es du Velay<\/td>\n<td>&nbsp;<\/td>\n<td>R\u00e9cup\u00e9r\u00e9 le 23 avril 2000<br>En attente de restauration<\/td>\n<\/tr>\n<tr>\n<td>Couvert<\/td>\n<td>Blanc Argent<\/td>\n<td>Achet\u00e9 en 1989<\/td>\n<td>En attente de restauration<\/td>\n<\/tr>\n<tr>\n<td>Caisse de Couvert<\/td>\n<td>C.d.N.<\/td>\n<td>&nbsp;<\/td>\n<td>En attente de restauration<\/td>\n<\/tr>\n<tr>\n<td>Plat<\/td>\n<td>R\u00e9seau Breton<\/td>\n<td>N\u00b0 S3004<br>Mis \u00e0 la disposition par la ville de Merdrignac<\/td>\n<td>R\u00e9cup\u00e9r\u00e9 en 1997<br>En attente de restauration<\/td>\n<\/tr>\n<tr>\n<td>Berline<\/td>\n<td>Ardoisi\u00e8res de Tr\u00e9laz\u00e9<\/td>\n<td>&nbsp;<\/td>\n<td>En attente de restauration<\/td>\n<\/tr>\n<tr>\n<td>Berline<\/td>\n<td>Ardoisi\u00e8res de Tr\u00e9laz\u00e9<\/td>\n<td>&nbsp;<\/td>\n<td>En attente de restauration<\/td>\n<\/tr>\n<tr>\n<td>Berline<\/td>\n<td>Ardoisi\u00e8res de Tr\u00e9laz\u00e9<\/td>\n<td>Sans benne<\/td>\n<td>En attente de restauration<\/td>\n<\/tr>\n<tr>\n<td>Berline<\/td>\n<td>Ardoisi\u00e8res de Tr\u00e9laz\u00e9<\/td>\n<td>Transform\u00e9e en wagonnet d\u00e9sherbeur<\/td>\n<td>En attente de restauration<\/td>\n<\/tr>\n<tr>\n<td><strong> <a href=\"http:\/\/chemin-fer-baie-saint-brieuc.fr\/wordpress\/ballastiere-f261\/\">Ballasti\u00e8re<\/a> <\/strong><\/td>\n<td>F 261 Chemins de Fer de Provence<\/td>\n<td>Pr\u00eat\u00e9e au Chemin de Fer historique de la Voie Sacr\u00e9e<\/td>\n<td>R\u00e9cup\u00e9r\u00e9 en f\u00e9vrier 2011<br><b>Restaur\u00e9<\/b><\/td>\n<\/tr>\n<tr>\n<td>Plat \u00e0 lorry<\/td>\n<td>&nbsp;<\/td>\n<td>Construit \u00e0 partir d&rsquo;un plat VFV n\u00b02050<\/td>\n<td><strong>Restaur\u00e9 en 2011<\/strong><\/td>\n<\/tr>\n<tr>\n<td>Couvert n\u00b0G 74<\/td>\n<td>Chemins de fer Gruy\u00e8re-Fribourg-Morat (GFM)<\/td>\n<td>Donn\u00e9 par le Train du Bas Berry<\/td>\n<td>En attente de restauration<\/td>\n<\/tr>\n<tr>\n<td>Couvert n\u00b0G38<\/td>\n<td>Chemins de fer Gruy\u00e8re-Fribourg-Morat (GFM)<\/td>\n<td>Donn\u00e9 par le Train du Bas Berry<\/td>\n<td>En attente de restauration<\/td>\n<\/tr>\n<tr>\n<td colspan=\"4\" bgcolor=\"#BBBBBB\"><strong><em><span style=\"color: #993300;\"><span style=\"font-size: 125%;\">Mat\u00e9riel fixe<\/span><\/span><\/em><\/strong><\/td>\n<\/tr>\n<tr>\n<td>Plaque tournante<\/td>\n<td>Gare de Tournon<br>(CF du Vivarais)<\/td>\n<td>Fabriqu\u00e9e en 1890 pour les CFD sous le n\u00b045<\/td>\n<td>R\u00e9cup\u00e9r\u00e9e en mars 1997<br><strong>Restaur\u00e9e et pos\u00e9e sur le site depuis 2001<\/strong><\/td>\n<\/tr>\n<tr>\n<td>Grue \u00e0 eau<\/td>\n<td>C.d.N.<\/td>\n<td>R\u00e9cup\u00e9r\u00e9e \u00e0 La Bouillie<\/td>\n<td><strong>Restaur\u00e9e (pose statique sur le site depuis 2005)<\/strong><\/td>\n<\/tr>\n<tr>\n<td>Grue<\/td>\n<td>Gare de Br\u00e9lidy-Plouec<br>(R\u00e9seau Breton)<\/td>\n<td>R\u00e9cup\u00e9r\u00e9e au port de Dahouet<\/td>\n<td><strong>Restaur\u00e9e et pos\u00e9e sur le site depuis 2002<\/strong><\/td>\n<\/tr>\n<tr>\n<td>Plaque tournante<\/td>\n<td>Gare de Saint-Agr\u00e8ve<br>(Ard\u00e8che &#8211; 07)<\/td>\n<td>&nbsp;<\/td>\n<td>R\u00e9cup\u00e9r\u00e9e le 01\/11\/02<br>En attente de restauration<\/td>\n<\/tr>\n<tr>\n<td>Grue<\/td>\n<td>Gare de Merdrignac<br>(R\u00e9seau Breton)<\/td>\n<td>Mis \u00e0 la disposition par la ville de Merdrignac<\/td>\n<td>R\u00e9cup\u00e9r\u00e9e le 15\/04\/04<br>En attente de restauration<\/td>\n<\/tr>\n<tr>\n<td><strong><a href=\"http:\/\/chemin-fer-baie-saint-brieuc.fr\/wordpress\/edicule-daisance\/\">Edicule d&rsquo;aisance<\/a><\/strong><\/td>\n<td>Guingamp<br>(R\u00e9seau Breton)<\/td>\n<td>&nbsp;<\/td>\n<td>R\u00e9cup\u00e9r\u00e9 en 1991<br><strong>Restaur\u00e9<\/strong><\/td>\n<\/tr>\n<\/tbody>\n<\/table>\n<p><em>Si vous connaissez du mat\u00e9riel susceptible de nous int\u00e9resser, n&rsquo;h\u00e9sitez pas \u00e0 <a href=\"index.php?option=com_content&amp;view=article&amp;id=17\">nous contacter<\/a>. Merci.<\/em><\/p>","protected":false},"excerpt":{"rendered":"<p>Voici la liste du mat\u00e9riel pr\u00e9serv\u00e9 par l&rsquo;Association sur son site de Boutdeville \u00e0 Langueux. Une dizaine d&rsquo;autres mat\u00e9riels ont \u00e9t\u00e9 pr\u00e9serv\u00e9s par Monsieur Egli sur le site de la gare de Plougonver qui est d\u00e9sormais g\u00e9r\u00e9 par l&rsquo;Association. Type R\u00e9seau d&rsquo;origine Remarques \u00c9tat actuel Mat\u00e9riel moteur Autorail De Dion OC1 (n\u00b016) C.d.N. puis R\u00e9seau <a class=\"more-link\" href=\"https:\/\/chemin-fer-baie-saint-brieuc.fr\/wordpress\/materiel-preserve\/\">Lire plus &#8230;<\/a><\/p>\n","protected":false},"author":1,"featured_media":0,"parent":0,"menu_order":0,"comment_status":"closed","ping_status":"open","template":"","meta":{"_exactmetrics_skip_tracking":false,"_exactmetrics_sitenote_active":false,"_exactmetrics_sitenote_note":"","_exactmetrics_sitenote_category":0,"footnotes":""},"class_list":["post-12","page","type-page","status-publish","hentry"],"_links":{"self":[{"href":"https:\/\/chemin-fer-baie-saint-brieuc.fr\/wordpress\/wp-json\/wp\/v2\/pages\/12","targetHints":{"allow":["GET"]}}],"collection":[{"href":"https:\/\/chemin-fer-baie-saint-brieuc.fr\/wordpress\/wp-json\/wp\/v2\/pages"}],"about":[{"href":"https:\/\/chemin-fer-baie-saint-brieuc.fr\/wordpress\/wp-json\/wp\/v2\/types\/page"}],"author":[{"embeddable":true,"href":"https:\/\/chemin-fer-baie-saint-brieuc.fr\/wordpress\/wp-json\/wp\/v2\/users\/1"}],"replies":[{"embeddable":true,"href":"https:\/\/chemin-fer-baie-saint-brieuc.fr\/wordpress\/wp-json\/wp\/v2\/comments?post=12"}],"version-history":[{"count":11,"href":"https:\/\/chemin-fer-baie-saint-brieuc.fr\/wordpress\/wp-json\/wp\/v2\/pages\/12\/revisions"}],"predecessor-version":[{"id":650,"href":"https:\/\/chemin-fer-baie-saint-brieuc.fr\/wordpress\/wp-json\/wp\/v2\/pages\/12\/revisions\/650"}],"wp:attachment":[{"href":"https:\/\/chemin-fer-baie-saint-brieuc.fr\/wordpress\/wp-json\/wp\/v2\/media?parent=12"}],"curies":[{"name":"wp","href":"https:\/\/api.w.org\/{rel}","templated":true}]}}