{"id":140,"date":"2015-06-04T08:59:42","date_gmt":"2015-06-04T07:59:42","guid":{"rendered":"http:\/\/chemin-fer-baie-saint-brieuc.fr\/wordpress\/?page_id=140"},"modified":"2017-04-20T08:18:56","modified_gmt":"2017-04-20T07:18:56","slug":"lassociation","status":"publish","type":"page","link":"https:\/\/chemin-fer-baie-saint-brieuc.fr\/wordpress\/lassociation\/","title":{"rendered":"L&rsquo;Association des Chemins de Fer des C\u00f4tes-du-Nord"},"content":{"rendered":"<p>L&rsquo;Association des Chemins de Fer des C\u00f4tes-du-Nord (ACFCdN) a \u00e9t\u00e9 cr\u00e9e le 14 d\u00e9cembre 1986 soit 30 ans apr\u00e8s la fermeture de la derni\u00e8re ligne du r\u00e9seau des C\u00f4tes-du Nord (CdN) qui ferma le 31 d\u00e9cembre 1956.<\/p>\n<p>Elle s&rsquo;est fix\u00e9e comme but :<\/p>\n<ul>\n<li>la recherche de toute documentation, d&rsquo;objets, de t\u00e9moignages sur les Chemins de Fer des C\u00f4tes-du-Nord ;<\/li>\n<li>la contribution \u00e0 la conservation des installations fixes et du mat\u00e9riel roulant ayant appartenu aux CdN ;<\/li>\n<li>l&rsquo;\u00e9tude et la cr\u00e9ation d&rsquo;un chemin de fer touristique.<\/li>\n<\/ul>\n<p>Elle compte \u00e0 ce jour plus de 250 adh\u00e9rents, que ceux-ci soient d&rsquo;anciens employ\u00e9s ou usagers ou simplement des personnes attir\u00e9es par l&rsquo;ambiance sympathique entourant ce \u00ab\u00a0Petit Train des C\u00f4tes-du-Nord\u00a0\u00bb.<\/p>\n<h3>Partenaires Institutionnels\u00a0:<\/h3>\n<div class=\"partenaire\"><a href=\"http:\/\/www.langueux.fr\/\" target=\"_blank\"><img decoding=\"async\" src=\"https:\/\/chemin-fer-baie-saint-brieuc.fr\/images\/partenaires\/langueux.jpg\" alt=\"Logo Ville de Langueux\" \/><br \/>\nVille de Langueux<\/a><\/div>\n<div class=\"partenaire\"><a href=\"http:\/\/www.saintbrieuc-agglo.fr\/\" target=\"_blank\"><img decoding=\"async\" src=\"https:\/\/chemin-fer-baie-saint-brieuc.fr\/images\/partenaires\/agglo.jpg\" alt=\"Logo Agglom\u00e9ration de Saint-Brieuc\" \/><br \/>\nSaint-Brieuc Agglom\u00e9ration<\/a><\/div>\n<div class=\"partenaire\"><a href=\"http:\/\/www.baiedesaintbrieuc.com\/\" target=\"_blank\"><img decoding=\"async\" src=\"https:\/\/chemin-fer-baie-saint-brieuc.fr\/images\/partenaires\/OT.jpg\" alt=\"Logo Office de tourisme\" \/><br \/>\nOffice de tourisme Baie de Saint-Brieuc<\/a><\/div>\n<div style=\"float: none; clear: both; border: none; height: 0px;\"><\/div>\n<p>&nbsp;<\/p>\n<h3>Associations partenaires\u00a0:<\/h3>\n<div class=\"partenaire\"><a href=\"http:\/\/www.trains-fr.org\/\" target=\"_blank\"><img decoding=\"async\" src=\"https:\/\/chemin-fer-baie-saint-brieuc.fr\/images\/partenaires\/FACS.jpg\" alt=\"Logo FACS\" \/><br \/>\nFACS<\/a><\/div>\n<div class=\"partenaire\"><a href=\"http:\/\/www.unecto.fr\/\" target=\"_blank\"><img decoding=\"async\" src=\"https:\/\/chemin-fer-baie-saint-brieuc.fr\/images\/partenaires\/UNECTO.jpg\" alt=\"Logo UNECTO\" \/><br \/>\nUNECTO<\/a><\/div>\n<div class=\"partenaire\"><a href=\"http:\/\/cfbs.eu\" target=\"_blank\"><img decoding=\"async\" src=\"https:\/\/chemin-fer-baie-saint-brieuc.fr\/images\/partenaires\/CFBS.jpg\" alt=\"Logo CFBS\" \/><br \/>\nChemin de Fer de la Baie de Somme<\/a><\/div>\n<div class=\"partenaire\"><a href=\"http:\/\/www.kesr.org.uk\/\" target=\"_blank\"><img decoding=\"async\" src=\"https:\/\/chemin-fer-baie-saint-brieuc.fr\/images\/partenaires\/KESR.jpg\" alt=\"Logo KESR\" \/><br \/>\nKent &amp; East Sussex Railway<\/a><\/div>\n<div class=\"partenaire\"><a href=\"http:\/\/chemindeferdebonrepos.com\/\" target=\"_blank\"><img decoding=\"async\" src=\"https:\/\/chemin-fer-baie-saint-brieuc.fr\/images\/partenaires\/CBR.jpg\" alt=\"Logo CBR\" \/><br \/>\nChemin de fer de Bon Repos<\/a><\/div>\n<div class=\"partenaire\"><a href=\"http:\/\/www.traintouristique-lasuzanne.fr\/\" target=\"_blank\"><img decoding=\"async\" src=\"https:\/\/chemin-fer-baie-saint-brieuc.fr\/images\/partenaires\/CFHVS.jpg\" alt=\"Logo CFHVS\" \/><br \/>\nChemin de fer Historique de la Voie Sacr\u00e9e<\/a><\/div>\n<div class=\"partenaire\"><a href=\"http:\/\/petit-anjou.fr\/\" target=\"_blank\"><img decoding=\"async\" src=\"https:\/\/chemin-fer-baie-saint-brieuc.fr\/images\/partenaires\/AAPA.jpg\" alt=\"Logo AAPA\" \/><br \/>\nPetit-Anjou<\/a><\/div>\n<div class=\"partenaire\"><a href=\"http:\/\/www.amtuir.org\/\" target=\"_blank\"><img decoding=\"async\" src=\"https:\/\/chemin-fer-baie-saint-brieuc.fr\/images\/partenaires\/AMTUIR.jpg\" alt=\"Logo AMTUIR\" \/><br \/>\nAMTUIR<\/a><\/div>\n<div class=\"partenaire\"><a href=\"http:\/\/www.cfcb-asso.org\/\" target=\"_blank\"><img decoding=\"async\" src=\"https:\/\/chemin-fer-baie-saint-brieuc.fr\/images\/partenaires\/CFCB.jpg\" alt=\"Logo CFCB\" \/><br \/>\nChemin de Fer du Centre Bretagne<\/a><\/div>\n<div class=\"partenaire\"><a href=\"http:\/\/www.train-blavet-ocean.bzh\/\" target=\"_blank\"><img decoding=\"async\" src=\"https:\/\/chemin-fer-baie-saint-brieuc.fr\/images\/partenaires\/PARBER.jpg\" alt=\"Logo PARBER\" \/><br \/>\nPARB&rsquo;ER<\/a><\/div>\n<div class=\"partenaire\"><a href=\"http:\/\/museedurail-dinan.com\/\" target=\"_blank\"><img decoding=\"async\" src=\"https:\/\/chemin-fer-baie-saint-brieuc.fr\/images\/partenaires\/dinan.jpg\" alt=\"Logo Mus\u00e9e du rail de Dinan\" \/><br \/>\nMus\u00e9e du rail de Dinan<\/a><\/div>\n<div class=\"partenaire\"><a href=\"http:\/\/hareldelanoe.org\/\" target=\"_blank\"><img decoding=\"async\" src=\"https:\/\/chemin-fer-baie-saint-brieuc.fr\/images\/partenaires\/Harel.jpg\" alt=\"Logo Association Harel de la No\u00eb\" \/><br \/>\nAssociation Harel de la No\u00eb<\/a><\/div>\n<div class=\"partenaire\"><a href=\"http:\/\/www.abva.net\/\" target=\"_blank\"><img decoding=\"async\" src=\"https:\/\/chemin-fer-baie-saint-brieuc.fr\/images\/partenaires\/ABVA.jpg\" alt=\"Logo ABVA\" \/><br \/>\nAssociation Bretonne V\u00e9hicules Anciens<\/a><\/div>\n<div style=\"float: none; clear: both; border: none; height: 0px;\"><\/div>\n<p>&nbsp;<\/p>\n<h3>Les mod\u00e9listes amis de l&rsquo;Association\u00a0:<\/h3>\n<div class=\"partenaire\"><a href=\"http:\/\/www.gemme.org\/\" target=\"_blank\"><img decoding=\"async\" src=\"https:\/\/chemin-fer-baie-saint-brieuc.fr\/images\/partenaires\/GEMME.jpg\" alt=\"Logo GEMME\" \/><br \/>\nGEMME<\/a><\/div>\n<div class=\"partenaire\"><a href=\"http:\/\/www.traversesdessecondaires.fr\/\" target=\"_blank\"><img decoding=\"async\" src=\"https:\/\/chemin-fer-baie-saint-brieuc.fr\/images\/partenaires\/TDS.jpg\" alt=\"Logo TDS\" \/><br \/>\nTraverse des Secondaires<\/a><\/div>\n<div class=\"partenaire\"><a href=\"http:\/\/afan.fr\/\" target=\"_blank\"><img decoding=\"async\" src=\"https:\/\/chemin-fer-baie-saint-brieuc.fr\/images\/partenaires\/AFAN.jpg\" alt=\"Logo AFAN\" \/><br \/>\nAFAN<\/a><\/div>\n<div class=\"partenaire\"><a href=\"http:\/\/www.modele-reduit-train.com\/\" target=\"_blank\"><img decoding=\"async\" src=\"https:\/\/chemin-fer-baie-saint-brieuc.fr\/images\/partenaires\/TDA.jpg\" alt=\"Logo Trains d'Antan\" \/><br \/>\nTrains d&rsquo;Antan<\/a><\/div>\n<div class=\"partenaire\"><a href=\"http:\/\/www.maquettecreation.fr\/\" target=\"_blank\"><img decoding=\"async\" src=\"https:\/\/chemin-fer-baie-saint-brieuc.fr\/images\/partenaires\/MC.jpg\" alt=\"Logo Maquette Cr\u00e9ation\" \/><br \/>\nMaquette Cr\u00e9ation<\/a><\/div>\n<div class=\"partenaire\"><a href=\"http:\/\/bcf-modeles.fr\/\" target=\"_blank\"><img decoding=\"async\" src=\"https:\/\/chemin-fer-baie-saint-brieuc.fr\/images\/partenaires\/BCF.jpg\" alt=\"Logo B.C.F.\" \/><br \/>\nB.C.F.<\/a><\/div>\n<div style=\"float: none; clear: both; border: none; height: 0px;\"><\/div>\n","protected":false},"excerpt":{"rendered":"<p>L&rsquo;Association des Chemins de Fer des C\u00f4tes-du-Nord (ACFCdN) a \u00e9t\u00e9 cr\u00e9e le 14 d\u00e9cembre 1986 soit 30 ans apr\u00e8s la fermeture de la derni\u00e8re ligne du r\u00e9seau des C\u00f4tes-du Nord (CdN) qui ferma le 31 d\u00e9cembre 1956. Elle s&rsquo;est fix\u00e9e comme but : la recherche de toute documentation, d&rsquo;objets, de t\u00e9moignages sur les Chemins de <a class=\"more-link\" href=\"https:\/\/chemin-fer-baie-saint-brieuc.fr\/wordpress\/lassociation\/\">Lire plus &#8230;<\/a><\/p>\n","protected":false},"author":1,"featured_media":0,"parent":0,"menu_order":0,"comment_status":"closed","ping_status":"open","template":"","meta":{"_exactmetrics_skip_tracking":false,"_exactmetrics_sitenote_active":false,"_exactmetrics_sitenote_note":"","_exactmetrics_sitenote_category":0,"footnotes":""},"class_list":["post-140","page","type-page","status-publish","hentry"],"_links":{"self":[{"href":"https:\/\/chemin-fer-baie-saint-brieuc.fr\/wordpress\/wp-json\/wp\/v2\/pages\/140","targetHints":{"allow":["GET"]}}],"collection":[{"href":"https:\/\/chemin-fer-baie-saint-brieuc.fr\/wordpress\/wp-json\/wp\/v2\/pages"}],"about":[{"href":"https:\/\/chemin-fer-baie-saint-brieuc.fr\/wordpress\/wp-json\/wp\/v2\/types\/page"}],"author":[{"embeddable":true,"href":"https:\/\/chemin-fer-baie-saint-brieuc.fr\/wordpress\/wp-json\/wp\/v2\/users\/1"}],"replies":[{"embeddable":true,"href":"https:\/\/chemin-fer-baie-saint-brieuc.fr\/wordpress\/wp-json\/wp\/v2\/comments?post=140"}],"version-history":[{"count":23,"href":"https:\/\/chemin-fer-baie-saint-brieuc.fr\/wordpress\/wp-json\/wp\/v2\/pages\/140\/revisions"}],"predecessor-version":[{"id":451,"href":"https:\/\/chemin-fer-baie-saint-brieuc.fr\/wordpress\/wp-json\/wp\/v2\/pages\/140\/revisions\/451"}],"wp:attachment":[{"href":"https:\/\/chemin-fer-baie-saint-brieuc.fr\/wordpress\/wp-json\/wp\/v2\/media?parent=140"}],"curies":[{"name":"wp","href":"https:\/\/api.w.org\/{rel}","templated":true}]}}